
{"id":819,"date":"2013-06-13T14:24:37","date_gmt":"2013-06-13T14:24:37","guid":{"rendered":"https:\/\/www.academiauruguay.com\/?page_id=819"},"modified":"2018-06-05T10:20:40","modified_gmt":"2018-06-05T13:20:40","slug":"les-professeurs","status":"publish","type":"page","link":"https:\/\/www.academiauruguay.com\/fr\/linstitut\/les-professeurs\/","title":{"rendered":"Professeurs"},"content":{"rendered":"\r\n<p>L\u2019Uruguay est un petit pays. Il ne dispose pas d\u2019une longue tradition dans l&rsquo;enseignement de l&rsquo;espagnol comme langue \u00e9trang\u00e8re \u00e0 destination d\u2019\u00e9tudiants issus du monde entier. Chaque ann\u00e9e, seul un petit nombre d&rsquo;\u00e9tudiants de linguistique de l\u2019Universit\u00e9 de la R\u00e9publique sort dipl\u00f4m\u00e9. Nous pouvons nous enorgueillir que certains d\u2019eux soient venus enseigner\u00a0dans notre acad\u00e9mie. D\u00e8s l\u2019ouverture de notre \u00e9cole, nous avons \u00e9t\u00e9 tr\u00e8s s\u00e9lectifs dans le choix de nos enseignants car ils constituent la base de notre travail (c\u2019est tr\u00e8s simple : si la p\u00e9dagogie de l\u2019un de nos professeurs est mauvaise, cela a pour r\u00e9sultat un \u00e9tudiant insatisfait).<\/p>\r\n<p>Aussi, d\u00e8s le d\u00e9but, nous avons fortement investi dans la formation de nos enseignants et nous continueront \u00e0 le faire de mani\u00e8re r\u00e9guli\u00e8re. Nous avons m\u00eame d\u00e9velopp\u00e9 un programme de formation que nous offrons maintenant aux futurs enseignants d&rsquo;espagnol (en dehors de l&rsquo;\u00e9cole) en collaboration avec une universit\u00e9 locale. Certains dipl\u00f4m\u00e9s de ce programme annuel r\u00e9put\u00e9 difficile ont d\u00e9j\u00e0 int\u00e9gr\u00e9 notre \u00e9quipe p\u00e9dagogique.<a href=\"https:\/\/www.academiauruguay.com\/wp-content\/uploads\/sites\/3\/2014\/08\/DSC07551.jpg\"><img loading=\"lazy\" decoding=\"async\" class=\"alignright wp-image-4705 size-medium\" src=\"https:\/\/www.academiauruguay.com\/wp-content\/uploads\/sites\/3\/2014\/08\/DSC07551-338x253.jpg\" alt=\"DSC07551\" width=\"300\" height=\"224\" data-id=\"4705\" srcset=\"https:\/\/www.academiauruguay.com\/wp-content\/uploads\/sites\/3\/2014\/08\/DSC07551-338x253.jpg 338w, https:\/\/www.academiauruguay.com\/wp-content\/uploads\/sites\/3\/2014\/08\/DSC07551-160x120.jpg 160w, https:\/\/www.academiauruguay.com\/wp-content\/uploads\/sites\/3\/2014\/08\/DSC07551-1024x768.jpg 1024w\" sizes=\"auto, (max-width: 300px) 100vw, 300px\" \/><\/a><\/p>\r\n<p>Tous nos professeurs (une dizaine environ) b\u00e9n\u00e9ficient d\u2019une longue exp\u00e9rience et la majorit\u00e9 d\u2019entre eux travaille avec nous depuis plusieurs ann\u00e9es. Ils sont nombreux \u00e0 parler au moins une autre langue et certains d\u2019entre eux ont v\u00e9cu \u00e0 l\u2019\u00e9tranger pendant de longues p\u00e9riodes. C\u2019est pour cette raison qu\u2019ils peuvent parfaitement saisir les d\u00e9fis auxquels nos \u00e9tudiants sont confront\u00e9s lors de leur apprentissage d&rsquo;une nouvelle langue.<\/p>\r\n<p>Une\u00a0coordinatrice p\u00e9dagogique, Soledad,est\u00a0charg\u00e9 d\u2019\u00e9tablir le niveau des \u00e9tudiants, de leur attribuer un groupe, un enseignant et aussi de les \u00e9valuer. Elle a\u00a0aussi pour t\u00e2che de pr\u00e9parer et de s\u00e9lectionner le mat\u00e9riel d\u2019\u00e9tude, l\u2019\u00e9change d\u2019informations avec les autres \u00e9coles membres du r\u00e9seau Academias Latinas, la collaboration avec l\u2019Institut Cervantes, etc.<\/p>\r\n<p>Soledad assure la plupart du travail en relation avec les \u00e9tudiants. Elle est titulaire d\u2019une Licence en Linguistique de l\u2019UdelaR et d\u2019un Master en Linguistique Appliqu\u00e9e \u00e0 l\u2019Enseignement de l\u2019Espagnol Langue Etrang\u00e8re de l\u2019Universit\u00e9 de Ja\u00e9n (Espagne). Avant de devenir coordinatrice, elle a travaill\u00e9 pendant de nombreuses ann\u00e9es en tant que professeur d&rsquo;espagnol. Elle a aussi travaill\u00e9 en tant que chercheur. Elle a publi\u00e9 des articles et a particip\u00e9 \u00e0 de nombreuses conf\u00e9rences internationales. Soledad est \u00e9galement Directrice du programme de premier cycle en enseignement de l&rsquo;espagnol comme langue \u00e9trang\u00e8re en Uruguay, programme pilot\u00e9 conjointement par l\u2019Acad\u00e9mie Uruguay et le CLAEH. Derni\u00e8re chose et non des moindres : elle est l\u2019administratrice des r\u00e9seaux sociaux de l&rsquo;Acad\u00e9mie sur Internet.<\/p>\r\n","protected":false},"excerpt":{"rendered":"<p>L\u2019Uruguay est un petit pays. Il ne dispose pas d\u2019une longue tradition dans l&rsquo;enseignement de l&rsquo;espagnol comme langue \u00e9trang\u00e8re \u00e0 destination d\u2019\u00e9tudiants issus du monde entier. Chaque ann\u00e9e, seul un petit nombre d&rsquo;\u00e9tudiants de linguistique de l\u2019Universit\u00e9 de la R\u00e9publique sort dipl\u00f4m\u00e9. Nous pouvons nous enorgueillir que certains d\u2019eux soient venus enseigner\u00a0dans notre acad\u00e9mie. D\u00e8s [&hellip;]<\/p>\n","protected":false},"author":5,"featured_media":0,"parent":955,"menu_order":13,"comment_status":"open","ping_status":"open","template":"","meta":{"footnotes":""},"class_list":["post-819","page","type-page","status-publish","hentry","entry"],"yoast_head":"<!-- This site is optimized with the Yoast SEO plugin v26.0 - https:\/\/yoast.com\/wordpress\/plugins\/seo\/ -->\n<title>Professeurs - Academia Uruguay<\/title>\n<meta name=\"description\" content=\"Tous nos professeurs sont des professeurs exp\u00e9riment\u00e9s, qui ont des dipl\u00f4mes de p\u00e9dagogie ou de linguistique des meilleures universit\u00e9s de l&#039;Uruguay.\" \/>\n<meta name=\"robots\" content=\"index, follow, max-snippet:-1, max-image-preview:large, max-video-preview:-1\" \/>\n<link rel=\"canonical\" href=\"https:\/\/www.academiauruguay.com\/fr\/linstitut\/les-professeurs\/\" \/>\n<meta name=\"twitter:label1\" content=\"Est. reading time\" \/>\n\t<meta name=\"twitter:data1\" content=\"2 minutes\" \/>\n<script type=\"application\/ld+json\" class=\"yoast-schema-graph\">{\"@context\":\"https:\/\/schema.org\",\"@graph\":[{\"@type\":\"WebPage\",\"@id\":\"https:\/\/www.academiauruguay.com\/fr\/linstitut\/les-professeurs\/\",\"url\":\"https:\/\/www.academiauruguay.com\/fr\/linstitut\/les-professeurs\/\",\"name\":\"Professeurs - Academia Uruguay\",\"isPartOf\":{\"@id\":\"https:\/\/www.academiauruguay.com\/fr\/#website\"},\"primaryImageOfPage\":{\"@id\":\"https:\/\/www.academiauruguay.com\/fr\/linstitut\/les-professeurs\/#primaryimage\"},\"image\":{\"@id\":\"https:\/\/www.academiauruguay.com\/fr\/linstitut\/les-professeurs\/#primaryimage\"},\"thumbnailUrl\":\"https:\/\/www.academiauruguay.com\/wp-content\/uploads\/sites\/3\/2014\/08\/DSC07551-338x253.jpg\",\"datePublished\":\"2013-06-13T14:24:37+00:00\",\"dateModified\":\"2018-06-05T13:20:40+00:00\",\"description\":\"Tous nos professeurs sont des professeurs exp\u00e9riment\u00e9s, qui ont des dipl\u00f4mes de p\u00e9dagogie ou de linguistique des meilleures universit\u00e9s de l'Uruguay.\",\"breadcrumb\":{\"@id\":\"https:\/\/www.academiauruguay.com\/fr\/linstitut\/les-professeurs\/#breadcrumb\"},\"inLanguage\":\"fr-FR\",\"potentialAction\":[{\"@type\":\"ReadAction\",\"target\":[\"https:\/\/www.academiauruguay.com\/fr\/linstitut\/les-professeurs\/\"]}]},{\"@type\":\"ImageObject\",\"inLanguage\":\"fr-FR\",\"@id\":\"https:\/\/www.academiauruguay.com\/fr\/linstitut\/les-professeurs\/#primaryimage\",\"url\":\"https:\/\/www.academiauruguay.com\/wp-content\/uploads\/sites\/3\/2014\/08\/DSC07551-338x253.jpg\",\"contentUrl\":\"https:\/\/www.academiauruguay.com\/wp-content\/uploads\/sites\/3\/2014\/08\/DSC07551-338x253.jpg\"},{\"@type\":\"BreadcrumbList\",\"@id\":\"https:\/\/www.academiauruguay.com\/fr\/linstitut\/les-professeurs\/#breadcrumb\",\"itemListElement\":[{\"@type\":\"ListItem\",\"position\":1,\"name\":\"Home\",\"item\":\"https:\/\/www.academiauruguay.com\/fr\/\"},{\"@type\":\"ListItem\",\"position\":2,\"name\":\"L\u2019Institut\",\"item\":\"https:\/\/www.academiauruguay.com\/fr\/linstitut\/\"},{\"@type\":\"ListItem\",\"position\":3,\"name\":\"Professeurs\"}]},{\"@type\":\"WebSite\",\"@id\":\"https:\/\/www.academiauruguay.com\/fr\/#website\",\"url\":\"https:\/\/www.academiauruguay.com\/fr\/\",\"name\":\"Academia Uruguay\",\"description\":\"spanish courses\",\"potentialAction\":[{\"@type\":\"SearchAction\",\"target\":{\"@type\":\"EntryPoint\",\"urlTemplate\":\"https:\/\/www.academiauruguay.com\/fr\/?s={search_term_string}\"},\"query-input\":{\"@type\":\"PropertyValueSpecification\",\"valueRequired\":true,\"valueName\":\"search_term_string\"}}],\"inLanguage\":\"fr-FR\"}]}<\/script>\n<!-- \/ Yoast SEO plugin. -->","yoast_head_json":{"title":"Professeurs - Academia Uruguay","description":"Tous nos professeurs sont des professeurs exp\u00e9riment\u00e9s, qui ont des dipl\u00f4mes de p\u00e9dagogie ou de linguistique des meilleures universit\u00e9s de l'Uruguay.","robots":{"index":"index","follow":"follow","max-snippet":"max-snippet:-1","max-image-preview":"max-image-preview:large","max-video-preview":"max-video-preview:-1"},"canonical":"https:\/\/www.academiauruguay.com\/fr\/linstitut\/les-professeurs\/","twitter_misc":{"Est. reading time":"2 minutes"},"schema":{"@context":"https:\/\/schema.org","@graph":[{"@type":"WebPage","@id":"https:\/\/www.academiauruguay.com\/fr\/linstitut\/les-professeurs\/","url":"https:\/\/www.academiauruguay.com\/fr\/linstitut\/les-professeurs\/","name":"Professeurs - Academia Uruguay","isPartOf":{"@id":"https:\/\/www.academiauruguay.com\/fr\/#website"},"primaryImageOfPage":{"@id":"https:\/\/www.academiauruguay.com\/fr\/linstitut\/les-professeurs\/#primaryimage"},"image":{"@id":"https:\/\/www.academiauruguay.com\/fr\/linstitut\/les-professeurs\/#primaryimage"},"thumbnailUrl":"https:\/\/www.academiauruguay.com\/wp-content\/uploads\/sites\/3\/2014\/08\/DSC07551-338x253.jpg","datePublished":"2013-06-13T14:24:37+00:00","dateModified":"2018-06-05T13:20:40+00:00","description":"Tous nos professeurs sont des professeurs exp\u00e9riment\u00e9s, qui ont des dipl\u00f4mes de p\u00e9dagogie ou de linguistique des meilleures universit\u00e9s de l'Uruguay.","breadcrumb":{"@id":"https:\/\/www.academiauruguay.com\/fr\/linstitut\/les-professeurs\/#breadcrumb"},"inLanguage":"fr-FR","potentialAction":[{"@type":"ReadAction","target":["https:\/\/www.academiauruguay.com\/fr\/linstitut\/les-professeurs\/"]}]},{"@type":"ImageObject","inLanguage":"fr-FR","@id":"https:\/\/www.academiauruguay.com\/fr\/linstitut\/les-professeurs\/#primaryimage","url":"https:\/\/www.academiauruguay.com\/wp-content\/uploads\/sites\/3\/2014\/08\/DSC07551-338x253.jpg","contentUrl":"https:\/\/www.academiauruguay.com\/wp-content\/uploads\/sites\/3\/2014\/08\/DSC07551-338x253.jpg"},{"@type":"BreadcrumbList","@id":"https:\/\/www.academiauruguay.com\/fr\/linstitut\/les-professeurs\/#breadcrumb","itemListElement":[{"@type":"ListItem","position":1,"name":"Home","item":"https:\/\/www.academiauruguay.com\/fr\/"},{"@type":"ListItem","position":2,"name":"L\u2019Institut","item":"https:\/\/www.academiauruguay.com\/fr\/linstitut\/"},{"@type":"ListItem","position":3,"name":"Professeurs"}]},{"@type":"WebSite","@id":"https:\/\/www.academiauruguay.com\/fr\/#website","url":"https:\/\/www.academiauruguay.com\/fr\/","name":"Academia Uruguay","description":"spanish courses","potentialAction":[{"@type":"SearchAction","target":{"@type":"EntryPoint","urlTemplate":"https:\/\/www.academiauruguay.com\/fr\/?s={search_term_string}"},"query-input":{"@type":"PropertyValueSpecification","valueRequired":true,"valueName":"search_term_string"}}],"inLanguage":"fr-FR"}]}},"_links":{"self":[{"href":"https:\/\/www.academiauruguay.com\/fr\/wp-json\/wp\/v2\/pages\/819","targetHints":{"allow":["GET"]}}],"collection":[{"href":"https:\/\/www.academiauruguay.com\/fr\/wp-json\/wp\/v2\/pages"}],"about":[{"href":"https:\/\/www.academiauruguay.com\/fr\/wp-json\/wp\/v2\/types\/page"}],"author":[{"embeddable":true,"href":"https:\/\/www.academiauruguay.com\/fr\/wp-json\/wp\/v2\/users\/5"}],"replies":[{"embeddable":true,"href":"https:\/\/www.academiauruguay.com\/fr\/wp-json\/wp\/v2\/comments?post=819"}],"version-history":[{"count":0,"href":"https:\/\/www.academiauruguay.com\/fr\/wp-json\/wp\/v2\/pages\/819\/revisions"}],"up":[{"embeddable":true,"href":"https:\/\/www.academiauruguay.com\/fr\/wp-json\/wp\/v2\/pages\/955"}],"wp:attachment":[{"href":"https:\/\/www.academiauruguay.com\/fr\/wp-json\/wp\/v2\/media?parent=819"}],"curies":[{"name":"wp","href":"https:\/\/api.w.org\/{rel}","templated":true}]}}